{"version":"1.0","provider_name":"FSU-SNUipp 86","provider_url":"https:\/\/snuipp86.fr","title":".Nadine Morano : \"l'\u00e9cole maternelle c'est 3 ans\". - FSU-SNUipp 86","type":"rich","width":600,"height":338,"html":"<blockquote class=\"wp-embedded-content\" data-secret=\"bCfYIr6OmX\"><a href=\"https:\/\/snuipp86.fr\/index.php\/2008\/11\/30\/nadine-morano-lcole-maternelle-cest-3-ans\/\">.Nadine Morano : \u00ab\u00a0l&rsquo;\u00e9cole maternelle c&rsquo;est 3 ans\u00a0\u00bb.<\/a><\/blockquote><iframe sandbox=\"allow-scripts\" security=\"restricted\" src=\"https:\/\/snuipp86.fr\/index.php\/2008\/11\/30\/nadine-morano-lcole-maternelle-cest-3-ans\/embed\/#?secret=bCfYIr6OmX\" width=\"600\" height=\"338\" title=\"\u00ab\u00a0.Nadine Morano : \u00ab\u00a0l&rsquo;\u00e9cole maternelle c&rsquo;est 3 ans\u00a0\u00bb.\u00a0\u00bb &#8212; FSU-SNUipp 86\" data-secret=\"bCfYIr6OmX\" frameborder=\"0\" marginwidth=\"0\" marginheight=\"0\" scrolling=\"no\" class=\"wp-embedded-content\"><\/iframe><script type=\"text\/javascript\">\n\/* <![CDATA[ *\/\n\/*! This file is auto-generated *\/\n!function(d,l){\"use strict\";l.querySelector&&d.addEventListener&&\"undefined\"!=typeof URL&&(d.wp=d.wp||{},d.wp.receiveEmbedMessage||(d.wp.receiveEmbedMessage=function(e){var t=e.data;if((t||t.secret||t.message||t.value)&&!\/[^a-zA-Z0-9]\/.test(t.secret)){for(var s,r,n,a=l.querySelectorAll('iframe[data-secret=\"'+t.secret+'\"]'),o=l.querySelectorAll('blockquote[data-secret=\"'+t.secret+'\"]'),c=new RegExp(\"^https?:$\",\"i\"),i=0;i<o.length;i++)o[i].style.display=\"none\";for(i=0;i<a.length;i++)s=a[i],e.source===s.contentWindow&&(s.removeAttribute(\"style\"),\"height\"===t.message?(1e3<(r=parseInt(t.value,10))?r=1e3:~~r<200&&(r=200),s.height=r):\"link\"===t.message&&(r=new URL(s.getAttribute(\"src\")),n=new URL(t.value),c.test(n.protocol))&&n.host===r.host&&l.activeElement===s&&(d.top.location.href=t.value))}},d.addEventListener(\"message\",d.wp.receiveEmbedMessage,!1),l.addEventListener(\"DOMContentLoaded\",function(){for(var e,t,s=l.querySelectorAll(\"iframe.wp-embedded-content\"),r=0;r<s.length;r++)(t=(e=s[r]).getAttribute(\"data-secret\"))||(t=Math.random().toString(36).substring(2,12),e.src+=\"#?secret=\"+t,e.setAttribute(\"data-secret\",t)),e.contentWindow.postMessage({message:\"ready\",secret:t},\"*\")},!1)))}(window,document);\n\/\/# sourceURL=https:\/\/snuipp86.fr\/wp-includes\/js\/wp-embed.min.js\n\/* ]]> *\/\n<\/script>\n","description":"Nadine Morano : \"l'\u00e9cole maternelle c'est 3 ans\" La secr\u00e9taire d'Etat charg\u00e9e de la Famille Nadine Morano a soulign\u00e9 dimanche que \"l'\u00e9cole maternelle c'est trois ans\", et indiqu\u00e9 avoir \"\u00e0 l'\u00e9tude\" un dispositif de \"financement crois\u00e9\" pour des jardins d'\u00e9veil destin\u00e9s aux enfants \u00e2g\u00e9s de deux \u00e0 trois ans. \"La maternelle n'existe pas pour les deux ans, il y a des tol\u00e9rances qui existent dans certaines r\u00e9gions\", mais en fait \"dans tr\u00e8s peu de secteurs\", car \"l'\u00e9cole maternelle c'est trois (...) - Maternelle"}