{"version":"1.0","provider_name":"FSU-SNUipp 86","provider_url":"https:\/\/snuipp86.fr","title":"Les jardins d'\u00e9veil : le retour !... - FSU-SNUipp 86","type":"rich","width":600,"height":338,"html":"<blockquote class=\"wp-embedded-content\" data-secret=\"CmbgIXUIQV\"><a href=\"https:\/\/snuipp86.fr\/index.php\/2009\/03\/31\/les-jardins-dveil-le-retour\/\">Les jardins d&rsquo;\u00e9veil : le retour !&#8230;<\/a><\/blockquote><iframe sandbox=\"allow-scripts\" security=\"restricted\" src=\"https:\/\/snuipp86.fr\/index.php\/2009\/03\/31\/les-jardins-dveil-le-retour\/embed\/#?secret=CmbgIXUIQV\" width=\"600\" height=\"338\" title=\"\u00ab\u00a0Les jardins d&rsquo;\u00e9veil : le retour !&#8230;\u00a0\u00bb &#8212; FSU-SNUipp 86\" data-secret=\"CmbgIXUIQV\" frameborder=\"0\" marginwidth=\"0\" marginheight=\"0\" scrolling=\"no\" class=\"wp-embedded-content\"><\/iframe><script type=\"text\/javascript\">\n\/* <![CDATA[ *\/\n\/*! This file is auto-generated *\/\n!function(d,l){\"use strict\";l.querySelector&&d.addEventListener&&\"undefined\"!=typeof URL&&(d.wp=d.wp||{},d.wp.receiveEmbedMessage||(d.wp.receiveEmbedMessage=function(e){var t=e.data;if((t||t.secret||t.message||t.value)&&!\/[^a-zA-Z0-9]\/.test(t.secret)){for(var s,r,n,a=l.querySelectorAll('iframe[data-secret=\"'+t.secret+'\"]'),o=l.querySelectorAll('blockquote[data-secret=\"'+t.secret+'\"]'),c=new RegExp(\"^https?:$\",\"i\"),i=0;i<o.length;i++)o[i].style.display=\"none\";for(i=0;i<a.length;i++)s=a[i],e.source===s.contentWindow&&(s.removeAttribute(\"style\"),\"height\"===t.message?(1e3<(r=parseInt(t.value,10))?r=1e3:~~r<200&&(r=200),s.height=r):\"link\"===t.message&&(r=new URL(s.getAttribute(\"src\")),n=new URL(t.value),c.test(n.protocol))&&n.host===r.host&&l.activeElement===s&&(d.top.location.href=t.value))}},d.addEventListener(\"message\",d.wp.receiveEmbedMessage,!1),l.addEventListener(\"DOMContentLoaded\",function(){for(var e,t,s=l.querySelectorAll(\"iframe.wp-embedded-content\"),r=0;r<s.length;r++)(t=(e=s[r]).getAttribute(\"data-secret\"))||(t=Math.random().toString(36).substring(2,12),e.src+=\"#?secret=\"+t,e.setAttribute(\"data-secret\",t)),e.contentWindow.postMessage({message:\"ready\",secret:t},\"*\")},!1)))}(window,document);\n\/\/# sourceURL=https:\/\/snuipp86.fr\/wp-includes\/js\/wp-embed.min.js\n\/* ]]> *\/\n<\/script>\n","description":"Morano : l'Etat va cr\u00e9er 100.000 places en cr\u00e8che, lancer \u00e0 la rentr\u00e9e des jardins d'\u00e9veil PARIS , 4 avril 2009 (AFP) - L'Etat va renforcer ses efforts financiers pour permettre la cr\u00e9ation de 100.000 places en cr\u00e8che, a annonc\u00e9 samedi la secr\u00e9taire d'Etat \u00e0 la Famille au Journal du Dimanche, en indiquant que les jardins d'\u00e9veil pour les 2-3 ans seraient exp\u00e9riment\u00e9s \"d\u00e8s la rentr\u00e9e\". \"Nous tiendrons les objectifs d\u00e9finis par le pr\u00e9sident de la R\u00e9publique de cr\u00e9er 200.000 offres de garde (...) - Maternelle"}