{"version":"1.0","provider_name":"FSU-SNUipp 86","provider_url":"https:\/\/snuipp86.fr","title":"Soir\u00e9e La\u00efcit\u00e9 du 5 mai - FSU-SNUipp 86","type":"rich","width":600,"height":338,"html":"<blockquote class=\"wp-embedded-content\" data-secret=\"0qdmDN0n1I\"><a href=\"https:\/\/snuipp86.fr\/index.php\/2010\/04\/30\/soire-lacit-du-5-mai\/\">Soir\u00e9e La\u00efcit\u00e9 du 5 mai<\/a><\/blockquote><iframe sandbox=\"allow-scripts\" security=\"restricted\" src=\"https:\/\/snuipp86.fr\/index.php\/2010\/04\/30\/soire-lacit-du-5-mai\/embed\/#?secret=0qdmDN0n1I\" width=\"600\" height=\"338\" title=\"\u00ab\u00a0Soir\u00e9e La\u00efcit\u00e9 du 5 mai\u00a0\u00bb &#8212; FSU-SNUipp 86\" data-secret=\"0qdmDN0n1I\" frameborder=\"0\" marginwidth=\"0\" marginheight=\"0\" scrolling=\"no\" class=\"wp-embedded-content\"><\/iframe><script type=\"text\/javascript\">\n\/* <![CDATA[ *\/\n\/*! This file is auto-generated *\/\n!function(d,l){\"use strict\";l.querySelector&&d.addEventListener&&\"undefined\"!=typeof URL&&(d.wp=d.wp||{},d.wp.receiveEmbedMessage||(d.wp.receiveEmbedMessage=function(e){var t=e.data;if((t||t.secret||t.message||t.value)&&!\/[^a-zA-Z0-9]\/.test(t.secret)){for(var s,r,n,a=l.querySelectorAll('iframe[data-secret=\"'+t.secret+'\"]'),o=l.querySelectorAll('blockquote[data-secret=\"'+t.secret+'\"]'),c=new RegExp(\"^https?:$\",\"i\"),i=0;i<o.length;i++)o[i].style.display=\"none\";for(i=0;i<a.length;i++)s=a[i],e.source===s.contentWindow&&(s.removeAttribute(\"style\"),\"height\"===t.message?(1e3<(r=parseInt(t.value,10))?r=1e3:~~r<200&&(r=200),s.height=r):\"link\"===t.message&&(r=new URL(s.getAttribute(\"src\")),n=new URL(t.value),c.test(n.protocol))&&n.host===r.host&&l.activeElement===s&&(d.top.location.href=t.value))}},d.addEventListener(\"message\",d.wp.receiveEmbedMessage,!1),l.addEventListener(\"DOMContentLoaded\",function(){for(var e,t,s=l.querySelectorAll(\"iframe.wp-embedded-content\"),r=0;r<s.length;r++)(t=(e=s[r]).getAttribute(\"data-secret\"))||(t=Math.random().toString(36).substring(2,12),e.src+=\"#?secret=\"+t,e.setAttribute(\"data-secret\",t)),e.contentWindow.postMessage({message:\"ready\",secret:t},\"*\")},!1)))}(window,document);\n\/\/# sourceURL=https:\/\/snuipp86.fr\/wp-includes\/js\/wp-embed.min.js\n\/* ]]> *\/\n<\/script>\n","description":"Rappel : l'Observatoire de Vigilance La\u00efque de la Vienne, qui regroupe 15 organisations (dont la FSU et le SNUipp), est \u00e0 l'initiative d'une soir\u00e9e sur la la\u00efcit\u00e9 le 5 mai prochain \u00e0 17h15 \u00e0 l'Iufm 86 et en partenariat avec celui-ci intitul\u00e9e : \" La\u00efcit\u00e9 : une valeur d'avenir. Ecole, R\u00e9publique, soci\u00e9t\u00e9 : quels enjeux ? \". Les questions suivantes ont \u00e9t\u00e9 adress\u00e9es aux deux intervenants : 1- La la\u00efcit\u00e9 est souvent associ\u00e9e \u00e0 l'id\u00e9al r\u00e9publicain de la 3e R\u00e9publique. A l'\u00e9poque, quel \u00e9tait (...) - L'ACTUALIT\u00c9 \/ Formation, Actions","thumbnail_url":"http:\/\/snuipp86.fr\/wp-content\/spip\/IMG\/arton1983.jpg"}