{"version":"1.0","provider_name":"FSU-SNUipp 86","provider_url":"https:\/\/snuipp86.fr","title":"UN CONCOURS POUR LES CLASSES : Portraits pluriels - FSU-SNUipp 86","type":"rich","width":600,"height":338,"html":"<blockquote class=\"wp-embedded-content\" data-secret=\"bD0xtjzMNR\"><a href=\"https:\/\/snuipp86.fr\/index.php\/2016\/09\/12\/un-concours-pour-les-classes-portraits-pluriels\/\">UN CONCOURS POUR LES CLASSES : Portraits pluriels<\/a><\/blockquote><iframe sandbox=\"allow-scripts\" security=\"restricted\" src=\"https:\/\/snuipp86.fr\/index.php\/2016\/09\/12\/un-concours-pour-les-classes-portraits-pluriels\/embed\/#?secret=bD0xtjzMNR\" width=\"600\" height=\"338\" title=\"\u00ab\u00a0UN CONCOURS POUR LES CLASSES : Portraits pluriels\u00a0\u00bb &#8212; FSU-SNUipp 86\" data-secret=\"bD0xtjzMNR\" frameborder=\"0\" marginwidth=\"0\" marginheight=\"0\" scrolling=\"no\" class=\"wp-embedded-content\"><\/iframe><script type=\"text\/javascript\">\n\/* <![CDATA[ *\/\n\/*! This file is auto-generated *\/\n!function(d,l){\"use strict\";l.querySelector&&d.addEventListener&&\"undefined\"!=typeof URL&&(d.wp=d.wp||{},d.wp.receiveEmbedMessage||(d.wp.receiveEmbedMessage=function(e){var t=e.data;if((t||t.secret||t.message||t.value)&&!\/[^a-zA-Z0-9]\/.test(t.secret)){for(var s,r,n,a=l.querySelectorAll('iframe[data-secret=\"'+t.secret+'\"]'),o=l.querySelectorAll('blockquote[data-secret=\"'+t.secret+'\"]'),c=new RegExp(\"^https?:$\",\"i\"),i=0;i<o.length;i++)o[i].style.display=\"none\";for(i=0;i<a.length;i++)s=a[i],e.source===s.contentWindow&&(s.removeAttribute(\"style\"),\"height\"===t.message?(1e3<(r=parseInt(t.value,10))?r=1e3:~~r<200&&(r=200),s.height=r):\"link\"===t.message&&(r=new URL(s.getAttribute(\"src\")),n=new URL(t.value),c.test(n.protocol))&&n.host===r.host&&l.activeElement===s&&(d.top.location.href=t.value))}},d.addEventListener(\"message\",d.wp.receiveEmbedMessage,!1),l.addEventListener(\"DOMContentLoaded\",function(){for(var e,t,s=l.querySelectorAll(\"iframe.wp-embedded-content\"),r=0;r<s.length;r++)(t=(e=s[r]).getAttribute(\"data-secret\"))||(t=Math.random().toString(36).substring(2,12),e.src+=\"#?secret=\"+t,e.setAttribute(\"data-secret\",t)),e.contentWindow.postMessage({message:\"ready\",secret:t},\"*\")},!1)))}(window,document);\n\/\/# sourceURL=https:\/\/snuipp86.fr\/wp-includes\/js\/wp-embed.min.js\n\/* ]]> *\/\n<\/script>\n","description":"Faire le portrait d'un groupe, c'est le th\u00e8me du concours auquel sont invit\u00e9es \u00e0 participer les classes maternelles, \u00e9l\u00e9mentaires et sp\u00e9cialis\u00e9es. Il est organis\u00e9 par le SNUipp-FSU, en partenariat avec la Bnf, la Ligue de l'enseignement, la ville de Paris, les \u00e9ditions Actes Sud junior, de l'\u00c9cole des loisirs, Rue du monde et le Caf\u00e9 p\u00e9dagogique. Inscriptions jusqu'au 30 novembre. - Actions p\u00e9dagogiques \/ Action p\u00e9dagogiques","thumbnail_url":"http:\/\/snuipp86.fr\/wp-content\/spip\/IMG\/arton3127.jpg"}