{"version":"1.0","provider_name":"FSU-SNUipp 86","provider_url":"https:\/\/snuipp86.fr","title":"Carte scolaire : l'\u00e9cole rurale d\u00e9pouill\u00e9e - FSU-SNUipp 86","type":"rich","width":600,"height":338,"html":"<blockquote class=\"wp-embedded-content\" data-secret=\"4llZZFFXki\"><a href=\"https:\/\/snuipp86.fr\/index.php\/2018\/02\/16\/carte-scolaire-lcole-rurale-dpouille\/\">Carte scolaire : l&rsquo;\u00e9cole rurale d\u00e9pouill\u00e9e<\/a><\/blockquote><iframe sandbox=\"allow-scripts\" security=\"restricted\" src=\"https:\/\/snuipp86.fr\/index.php\/2018\/02\/16\/carte-scolaire-lcole-rurale-dpouille\/embed\/#?secret=4llZZFFXki\" width=\"600\" height=\"338\" title=\"\u00ab\u00a0Carte scolaire : l&rsquo;\u00e9cole rurale d\u00e9pouill\u00e9e\u00a0\u00bb &#8212; FSU-SNUipp 86\" data-secret=\"4llZZFFXki\" frameborder=\"0\" marginwidth=\"0\" marginheight=\"0\" scrolling=\"no\" class=\"wp-embedded-content\"><\/iframe><script type=\"text\/javascript\">\n\/* <![CDATA[ *\/\n\/*! This file is auto-generated *\/\n!function(d,l){\"use strict\";l.querySelector&&d.addEventListener&&\"undefined\"!=typeof URL&&(d.wp=d.wp||{},d.wp.receiveEmbedMessage||(d.wp.receiveEmbedMessage=function(e){var t=e.data;if((t||t.secret||t.message||t.value)&&!\/[^a-zA-Z0-9]\/.test(t.secret)){for(var s,r,n,a=l.querySelectorAll('iframe[data-secret=\"'+t.secret+'\"]'),o=l.querySelectorAll('blockquote[data-secret=\"'+t.secret+'\"]'),c=new RegExp(\"^https?:$\",\"i\"),i=0;i<o.length;i++)o[i].style.display=\"none\";for(i=0;i<a.length;i++)s=a[i],e.source===s.contentWindow&&(s.removeAttribute(\"style\"),\"height\"===t.message?(1e3<(r=parseInt(t.value,10))?r=1e3:~~r<200&&(r=200),s.height=r):\"link\"===t.message&&(r=new URL(s.getAttribute(\"src\")),n=new URL(t.value),c.test(n.protocol))&&n.host===r.host&&l.activeElement===s&&(d.top.location.href=t.value))}},d.addEventListener(\"message\",d.wp.receiveEmbedMessage,!1),l.addEventListener(\"DOMContentLoaded\",function(){for(var e,t,s=l.querySelectorAll(\"iframe.wp-embedded-content\"),r=0;r<s.length;r++)(t=(e=s[r]).getAttribute(\"data-secret\"))||(t=Math.random().toString(36).substring(2,12),e.src+=\"#?secret=\"+t,e.setAttribute(\"data-secret\",t)),e.contentWindow.postMessage({message:\"ready\",secret:t},\"*\")},!1)))}(window,document);\n\/\/# sourceURL=https:\/\/snuipp86.fr\/wp-includes\/js\/wp-embed.min.js\n\/* ]]> *\/\n<\/script>\n","description":"La col\u00e8re monte dans les d\u00e9partements \u00e0 l'annonce de nombreuses fermetures de classes et d'\u00e9coles, principalement situ\u00e9es dans les zones rurales. Parce que le d\u00e9doublement des CP et des CE1 en \u00e9ducation prioritaire a \u00e9t\u00e9 insuffisamment budg\u00e9t\u00e9 , un v\u00e9ritable red\u00e9ploiement des postes des campagnes vers les villes s'op\u00e8re. Le SNUipp-FSU se mobilise sur cette question essentielle pour garantir l'\u00e9galit\u00e9 du service public d'\u00e9ducation sur l'ensemble du territoire - Carte scolaire \/ Carte scolaire","thumbnail_url":"http:\/\/snuipp86.fr\/wp-content\/spip\/IMG\/arton3760.jpg"}