{"version":"1.0","provider_name":"FSU-SNUipp 86","provider_url":"https:\/\/snuipp86.fr","title":"Part variable REP+ 2021\/22 Acad\u00e9mie de Poitiers - FSU-SNUipp 86","type":"rich","width":600,"height":338,"html":"<blockquote class=\"wp-embedded-content\" data-secret=\"wcnHQRUK50\"><a href=\"https:\/\/snuipp86.fr\/index.php\/2022\/03\/29\/part-variable-rep-2021-22-academie-de-poitiers\/\">Part variable REP+ 2021\/22 Acad\u00e9mie de Poitiers<\/a><\/blockquote><iframe sandbox=\"allow-scripts\" security=\"restricted\" src=\"https:\/\/snuipp86.fr\/index.php\/2022\/03\/29\/part-variable-rep-2021-22-academie-de-poitiers\/embed\/#?secret=wcnHQRUK50\" width=\"600\" height=\"338\" title=\"\u00ab\u00a0Part variable REP+ 2021\/22 Acad\u00e9mie de Poitiers\u00a0\u00bb &#8212; FSU-SNUipp 86\" data-secret=\"wcnHQRUK50\" frameborder=\"0\" marginwidth=\"0\" marginheight=\"0\" scrolling=\"no\" class=\"wp-embedded-content\"><\/iframe><script type=\"text\/javascript\">\n\/* <![CDATA[ *\/\n\/*! This file is auto-generated *\/\n!function(d,l){\"use strict\";l.querySelector&&d.addEventListener&&\"undefined\"!=typeof URL&&(d.wp=d.wp||{},d.wp.receiveEmbedMessage||(d.wp.receiveEmbedMessage=function(e){var t=e.data;if((t||t.secret||t.message||t.value)&&!\/[^a-zA-Z0-9]\/.test(t.secret)){for(var s,r,n,a=l.querySelectorAll('iframe[data-secret=\"'+t.secret+'\"]'),o=l.querySelectorAll('blockquote[data-secret=\"'+t.secret+'\"]'),c=new RegExp(\"^https?:$\",\"i\"),i=0;i<o.length;i++)o[i].style.display=\"none\";for(i=0;i<a.length;i++)s=a[i],e.source===s.contentWindow&&(s.removeAttribute(\"style\"),\"height\"===t.message?(1e3<(r=parseInt(t.value,10))?r=1e3:~~r<200&&(r=200),s.height=r):\"link\"===t.message&&(r=new URL(s.getAttribute(\"src\")),n=new URL(t.value),c.test(n.protocol))&&n.host===r.host&&l.activeElement===s&&(d.top.location.href=t.value))}},d.addEventListener(\"message\",d.wp.receiveEmbedMessage,!1),l.addEventListener(\"DOMContentLoaded\",function(){for(var e,t,s=l.querySelectorAll(\"iframe.wp-embedded-content\"),r=0;r<s.length;r++)(t=(e=s[r]).getAttribute(\"data-secret\"))||(t=Math.random().toString(36).substring(2,12),e.src+=\"#?secret=\"+t,e.setAttribute(\"data-secret\",t)),e.contentWindow.postMessage({message:\"ready\",secret:t},\"*\")},!1)))}(window,document);\n\/\/# sourceURL=https:\/\/snuipp86.fr\/wp-includes\/js\/wp-embed.min.js\n\/* ]]> *\/\n<\/script>\n","description":"L\u2019administration a communiqu\u00e9 le montant de la part variable REP+ selon les \u00e9tablissements en CTA pour l\u2019ann\u00e9e 2021\/22 qui a \u00e9t\u00e9 vers\u00e9e sur la paye de f\u00e9vrier. Pour rappel, le montant est le m\u00eame pour l\u2019ensemble des personnels d\u2019un m\u00eame \u00e9tablissement et le texte (lien vers un article explicatif)\u00a0 impose le rectorat \u00e0 ne pas attribuer [&hellip;]","thumbnail_url":"https:\/\/snuipp86.fr\/wp-content\/uploads\/2020\/09\/118765390_1701862016631425_650793011035140515_n.jpg","thumbnail_width":809,"thumbnail_height":960}