{"version":"1.0","provider_name":"FSU-SNUipp 86","provider_url":"https:\/\/snuipp86.fr","title":"Cong\u00e9 pour solidarit\u00e9 familiale - FSU-SNUipp 86","type":"rich","width":600,"height":338,"html":"<blockquote class=\"wp-embedded-content\" data-secret=\"dnBziHmPly\"><a href=\"https:\/\/snuipp86.fr\/index.php\/2026\/03\/06\/conge-pour-solidarite-familiale\/\">Cong\u00e9 pour solidarit\u00e9 familiale<\/a><\/blockquote><iframe sandbox=\"allow-scripts\" security=\"restricted\" src=\"https:\/\/snuipp86.fr\/index.php\/2026\/03\/06\/conge-pour-solidarite-familiale\/embed\/#?secret=dnBziHmPly\" width=\"600\" height=\"338\" title=\"\u00ab\u00a0Cong\u00e9 pour solidarit\u00e9 familiale\u00a0\u00bb &#8212; FSU-SNUipp 86\" data-secret=\"dnBziHmPly\" frameborder=\"0\" marginwidth=\"0\" marginheight=\"0\" scrolling=\"no\" class=\"wp-embedded-content\"><\/iframe><script type=\"text\/javascript\">\n\/* <![CDATA[ *\/\n\/*! This file is auto-generated *\/\n!function(d,l){\"use strict\";l.querySelector&&d.addEventListener&&\"undefined\"!=typeof URL&&(d.wp=d.wp||{},d.wp.receiveEmbedMessage||(d.wp.receiveEmbedMessage=function(e){var t=e.data;if((t||t.secret||t.message||t.value)&&!\/[^a-zA-Z0-9]\/.test(t.secret)){for(var s,r,n,a=l.querySelectorAll('iframe[data-secret=\"'+t.secret+'\"]'),o=l.querySelectorAll('blockquote[data-secret=\"'+t.secret+'\"]'),c=new RegExp(\"^https?:$\",\"i\"),i=0;i<o.length;i++)o[i].style.display=\"none\";for(i=0;i<a.length;i++)s=a[i],e.source===s.contentWindow&&(s.removeAttribute(\"style\"),\"height\"===t.message?(1e3<(r=parseInt(t.value,10))?r=1e3:~~r<200&&(r=200),s.height=r):\"link\"===t.message&&(r=new URL(s.getAttribute(\"src\")),n=new URL(t.value),c.test(n.protocol))&&n.host===r.host&&l.activeElement===s&&(d.top.location.href=t.value))}},d.addEventListener(\"message\",d.wp.receiveEmbedMessage,!1),l.addEventListener(\"DOMContentLoaded\",function(){for(var e,t,s=l.querySelectorAll(\"iframe.wp-embedded-content\"),r=0;r<s.length;r++)(t=(e=s[r]).getAttribute(\"data-secret\"))||(t=Math.random().toString(36).substring(2,12),e.src+=\"#?secret=\"+t,e.setAttribute(\"data-secret\",t)),e.contentWindow.postMessage({message:\"ready\",secret:t},\"*\")},!1)))}(window,document);\n\/\/# sourceURL=https:\/\/snuipp86.fr\/wp-includes\/js\/wp-embed.min.js\n\/* ]]> *\/\n<\/script>\n","thumbnail_url":"https:\/\/snuipp86.fr\/wp-content\/uploads\/2026\/03\/arton8206.webp","thumbnail_width":1024,"thumbnail_height":536,"description":"Le cong\u00e9 de solidarit\u00e9 familiale est ouvert aux fonctionnaires titulaires et stagiaires, ainsi qu\u2019aux contractuel\u00b7es, qu\u2019ils soient en activit\u00e9 ou en position de d\u00e9tachement. Ce cong\u00e9 est accord\u00e9 pour accompagner un\u00b7e ascendant\u00b7e, un\u00b7e descendant\u00b7e, un fr\u00e8re, une s\u0153ur, une personne partageant le m\u00eame domicile ou l\u2019ayant d\u00e9sign\u00e9\u00b7e comme sa personne de confiance, qui souffre d\u2019une pathologie [&hellip;]"}