{"id":7,"date":"2019-08-28T10:27:33","date_gmt":"2019-08-28T08:27:33","guid":{"rendered":"http:\/\/snuipp86.fr\/wp\/?page_id=7"},"modified":"2019-11-22T18:41:00","modified_gmt":"2019-11-22T17:41:00","slug":"accueil","status":"publish","type":"page","link":"https:\/\/snuipp86.fr\/","title":{"rendered":"Accueil"},"content":{"rendered":"<div class=\"fusion-fullwidth fullwidth-box fusion-builder-row-1 nonhundred-percent-fullwidth non-hundred-percent-height-scrolling\" style=\"background-color: #f7f7f7;background-position: center center;background-repeat: no-repeat;padding-top:1em;padding-right:1em;padding-bottom:1em;padding-left:1em;margin-bottom: 0px;margin-top: 0px;border-width: 0px 0px 0px 0px;border-color:#eae9e9;border-style:solid;\" ><div class=\"fusion-builder-row fusion-row\"><div class=\"fusion-layout-column fusion_builder_column fusion-builder-column-0 fusion_builder_column_2_3 2_3 fusion-two-third fusion-column-first\" style=\"width:66.666666666667%;width:calc(66.666666666667% - ( ( 4% ) * 0.66666666666667 ) );margin-right: 4%;margin-top:0px;margin-bottom:20px;\"><div class=\"fusion-column-wrapper fusion-flex-column-wrapper-legacy\" style=\"background-position:left top;background-repeat:no-repeat;-webkit-background-size:cover;-moz-background-size:cover;-o-background-size:cover;background-size:cover;padding: 0px 0px 0px 0px;\"><style type=\"text\/css\"><\/style><div class=\"fusion-title title fusion-title-1 fusion-sep-none fusion-title-text fusion-title-size-one\" style=\"margin-top:0px;margin-right:0px;margin-bottom:30px;margin-left:0px;\"><h1 class=\"title-heading-left fusion-responsive-typography-calculated\" style=\"margin:0;--fontSize:33;line-height:1.45;\">\u00c0 LA UNE<\/h1><\/div><div class=\"fusion-sep-clear\"><\/div><div class=\"fusion-separator fusion-full-width-sep\" style=\"margin-left: auto;margin-right: auto;margin-top:2em;margin-bottom:2em;width:100%;\"><div class=\"fusion-separator-border sep-double sep-solid\" style=\"border-color:#e0dede;border-top-width:1px;border-bottom-width:1px;\"><\/div><\/div><div class=\"fusion-sep-clear\"><\/div><div class=\"fusion-recent-posts fusion-recent-posts-1 avada-container layout-thumbnails-on-side layout-columns-1\"><section class=\"fusion-columns columns fusion-columns-1 columns-1\"><article class=\"post fusion-column column col col-lg-12 col-md-12 col-sm-12\"><div class=\"fusion-flexslider fusion-flexslider-loading flexslider floated-slideshow flexslider-hover-type-none\"><ul class=\"slides\"><li><a href=\"https:\/\/snuipp86.fr\/index.php\/2026\/08\/30\/calendrier-scolaire-2025-2026\/\" aria-label=\"Calendriers scolaires 2026-2027 et 2027-2028\" class=\"hover-type-none\"><img decoding=\"async\" width=\"177\" height=\"142\" src=\"https:\/\/snuipp86.fr\/wp-content\/uploads\/2021\/06\/calendrier-177x142.jpg\" class=\"attachment-portfolio-five size-portfolio-five\" alt=\"\" \/><\/a><\/li><\/ul><\/div><div class=\"recent-posts-content\"><span class=\"vcard\" style=\"display: none;\"><span class=\"fn\"><a href=\"https:\/\/snuipp86.fr\/index.php\/author\/mmenaut\/\" rel=\"author\">Matthieu Menaut<\/a><\/span><\/span><span class=\"updated\" style=\"display:none;\">2026-08-30T16:17:32+02:00<\/span><h4 class=\"entry-title\"><a href=\"https:\/\/snuipp86.fr\/index.php\/2026\/08\/30\/calendrier-scolaire-2025-2026\/\">Calendriers scolaires 2026-2027 et 2027-2028<\/a><\/h4><p>\u00a0 Calendrier scolaire 2026-2027\u00a0 Arr\u00eat\u00e9 du 22\/10\/2025\u00a0:JORF n\u00b00250 du 23\/10\/2025Alternance des p\u00e9riodes de classe, en 2026-2027 pour la zone A\u00a0: 7 semaines d\u2019\u00e9cole entre la rentr\u00e9e et les vacances de la Toussaint. 7 semaines d\u2019\u00e9cole entre les vacances de la [...]<\/p><\/div><\/article><article class=\"post fusion-column column col col-lg-12 col-md-12 col-sm-12\"><div class=\"fusion-flexslider fusion-flexslider-loading flexslider floated-slideshow flexslider-hover-type-none\"><ul class=\"slides\"><li><a href=\"https:\/\/snuipp86.fr\/index.php\/2026\/08\/28\/obligations-reglementaires-de-services-ors-pour-les-personnels-1er-degre\/\" aria-label=\"Obligations r\u00e9glementaires de Services (ORS) pour les personnels 1er degr\u00e9\" class=\"hover-type-none\"><img decoding=\"async\" width=\"177\" height=\"142\" src=\"https:\/\/snuipp86.fr\/wp-content\/uploads\/2026\/01\/snuipptemps-177x142.jpg\" class=\"attachment-portfolio-five size-portfolio-five\" alt=\"\" \/><\/a><\/li><\/ul><\/div><div class=\"recent-posts-content\"><span class=\"vcard\" style=\"display: none;\"><span class=\"fn\"><a href=\"https:\/\/snuipp86.fr\/index.php\/author\/mmenaut\/\" rel=\"author\">Matthieu Menaut<\/a><\/span><\/span><span class=\"updated\" style=\"display:none;\">2026-08-28T15:13:10+02:00<\/span><h4 class=\"entry-title\"><a href=\"https:\/\/snuipp86.fr\/index.php\/2026\/08\/28\/obligations-reglementaires-de-services-ors-pour-les-personnels-1er-degre\/\">Obligations r\u00e9glementaires de Services (ORS) pour les personnels 1er degr\u00e9<\/a><\/h4><p>Cet article tente une synth\u00e8se sur les obligations de service Service d\u2019enseignement hebdomadaire Enseignant\u00b7e en \u00e9cole (y compris RASED et Ulis)\u00a0:24 heures\u00a0d\u2019enseignement. En ESMS (IME, ITEP, Sessad\u2026) :24 heures\u00a0d\u2019enseignement. En SEGPA-EREA, Classe relais, \u00c9tablissement p\u00e9nitentiaire, Ulis 2d\u00a0degr\u00e9\u00a0:21 heures\u00a0d\u2019enseignement. Cas particuliers\u00a0: [...]<\/p><\/div><\/article><article class=\"post fusion-column column col col-lg-12 col-md-12 col-sm-12\"><div class=\"fusion-flexslider fusion-flexslider-loading flexslider floated-slideshow flexslider-hover-type-none\"><ul class=\"slides\"><li><a href=\"https:\/\/snuipp86.fr\/index.php\/2026\/08\/28\/mouvement-2425-les-appels-a-candidatures-en-cours\/\" aria-label=\"Mouvement : les appels \u00e0 candidatures en cours\" class=\"hover-type-none\"><img decoding=\"async\" width=\"177\" height=\"142\" src=\"https:\/\/snuipp86.fr\/wp-content\/uploads\/2022\/03\/275294288_2143619942455628_7480602496384523748_n-177x142.jpg\" class=\"attachment-portfolio-five size-portfolio-five\" alt=\"\" \/><\/a><\/li><\/ul><\/div><div class=\"recent-posts-content\"><span class=\"vcard\" style=\"display: none;\"><span class=\"fn\"><a href=\"https:\/\/snuipp86.fr\/index.php\/author\/mmenaut\/\" rel=\"author\">Matthieu Menaut<\/a><\/span><\/span><span class=\"updated\" style=\"display:none;\">2026-08-28T11:51:46+02:00<\/span><h4 class=\"entry-title\"><a href=\"https:\/\/snuipp86.fr\/index.php\/2026\/08\/28\/mouvement-2425-les-appels-a-candidatures-en-cours\/\">Mouvement : les appels \u00e0 candidatures en cours<\/a><\/h4><p>MAJ\u00a0 28\/08\/26 La FSU-SNUipp vous informe des appels \u00e0 candidatures qui paraissent pour les coll\u00e8gues de la Vienne. Contactez-nous pour plus d'infos et informez-nous de votre candidature. Enseignant(e)s d\u2019appui aupr\u00e8s des \u00e9quipes p\u00e9dagogiques - 4 postes Poste \u00e0 pourvoir le [...]<\/p><\/div><\/article><article class=\"post fusion-column column col col-lg-12 col-md-12 col-sm-12\"><div class=\"fusion-flexslider fusion-flexslider-loading flexslider floated-slideshow flexslider-hover-type-none\"><ul class=\"slides\"><li><a href=\"https:\/\/snuipp86.fr\/index.php\/2026\/08\/26\/postes-fractionnes-indemnites-kilometriques-et-frais-de-repas\/\" aria-label=\"Postes fractionn\u00e9s\u00a0: indemnit\u00e9s kilom\u00e9triques et frais de repas.\" class=\"hover-type-none\"><img decoding=\"async\" width=\"177\" height=\"142\" src=\"https:\/\/snuipp86.fr\/wp-content\/uploads\/2026\/08\/Frais-de-deplacements-177x142.webp\" class=\"attachment-portfolio-five size-portfolio-five\" alt=\"\" \/><\/a><\/li><\/ul><\/div><div class=\"recent-posts-content\"><span class=\"vcard\" style=\"display: none;\"><span class=\"fn\"><a href=\"https:\/\/snuipp86.fr\/index.php\/author\/mmenaut\/\" rel=\"author\">Matthieu Menaut<\/a><\/span><\/span><span class=\"updated\" style=\"display:none;\">2026-08-26T16:41:48+02:00<\/span><h4 class=\"entry-title\"><a href=\"https:\/\/snuipp86.fr\/index.php\/2026\/08\/26\/postes-fractionnes-indemnites-kilometriques-et-frais-de-repas\/\">Postes fractionn\u00e9s\u00a0: indemnit\u00e9s kilom\u00e9triques et frais de repas.<\/a><\/h4><p>Depuis 2012, exercer en poste fractionn\u00e9 n\u2019ouvre plus droit \u00e0 l\u2019ISSR. N\u00e9anmoins, tou-tes les coll\u00e8gues affect\u00e9-es \u00e0 titre provisoire ou d\u00e9finitif sur ces supports peuvent b\u00e9n\u00e9ficier de frais de d\u00e9placements et de frais de repas. Toutefois, contrairement \u00e0 l\u2019ISSR, ces [...]<\/p><\/div><\/article><article class=\"post fusion-column column col col-lg-12 col-md-12 col-sm-12\"><div class=\"fusion-flexslider fusion-flexslider-loading flexslider floated-slideshow flexslider-hover-type-none\"><ul class=\"slides\"><li><a href=\"https:\/\/snuipp86.fr\/index.php\/2026\/08\/21\/nouveaux-programmes-rentree-2026\/\" aria-label=\"Nouveaux programmes rentr\u00e9e 2026\" class=\"hover-type-none\"><img decoding=\"async\" width=\"177\" height=\"142\" src=\"https:\/\/snuipp86.fr\/wp-content\/uploads\/2026\/08\/design_sans_titre_7_-2-177x142.webp\" class=\"attachment-portfolio-five size-portfolio-five\" alt=\"\" \/><\/a><\/li><\/ul><\/div><div class=\"recent-posts-content\"><span class=\"vcard\" style=\"display: none;\"><span class=\"fn\"><a href=\"https:\/\/snuipp86.fr\/index.php\/author\/mmenaut\/\" rel=\"author\">Matthieu Menaut<\/a><\/span><\/span><span class=\"updated\" style=\"display:none;\">2026-08-21T14:03:25+02:00<\/span><h4 class=\"entry-title\"><a href=\"https:\/\/snuipp86.fr\/index.php\/2026\/08\/21\/nouveaux-programmes-rentree-2026\/\">Nouveaux programmes rentr\u00e9e 2026<\/a><\/h4><p>Le minist\u00e8re a lanc\u00e9 la r\u00e9\u00e9criture des programmes de maternelle, langues vivantes \u00e9trang\u00e8res et r\u00e9gionales, EPS, histoire-g\u00e9ographie et sciences et technologie, dans un calendrier pr\u00e9cipit\u00e9. Ils s\u2019inscrivent majoritairement dans la m\u00eame logique g\u00e9n\u00e9ratrice d'in\u00e9galit\u00e9s que ceux de fran\u00e7ais et maths [...]<\/p><\/div><\/article><article class=\"post fusion-column column col col-lg-12 col-md-12 col-sm-12\"><div class=\"fusion-flexslider fusion-flexslider-loading flexslider floated-slideshow flexslider-hover-type-none\"><ul class=\"slides\"><li><a href=\"https:\/\/snuipp86.fr\/index.php\/2026\/08\/20\/se-syndiquer-a-la-fsu-snuipp-86-pourquoi-comment-combien\/\" aria-label=\"Se syndiquer \u00e0 la FSU-SNUipp 86 : pourquoi, comment, combien ?\" class=\"hover-type-none\"><img decoding=\"async\" width=\"177\" height=\"142\" src=\"https:\/\/snuipp86.fr\/wp-content\/uploads\/2022\/08\/se-synd-177x142.png\" class=\"attachment-portfolio-five size-portfolio-five\" alt=\"\" srcset=\"https:\/\/snuipp86.fr\/wp-content\/uploads\/2022\/08\/se-synd-177x142.png 177w, https:\/\/snuipp86.fr\/wp-content\/uploads\/2022\/08\/se-synd-200x159.png 200w\" sizes=\"(max-width: 177px) 100vw, 177px\" \/><\/a><\/li><\/ul><\/div><div class=\"recent-posts-content\"><span class=\"vcard\" style=\"display: none;\"><span class=\"fn\"><a href=\"https:\/\/snuipp86.fr\/index.php\/author\/mmenaut\/\" rel=\"author\">Matthieu Menaut<\/a><\/span><\/span><span class=\"updated\" style=\"display:none;\">2026-08-20T11:40:11+02:00<\/span><h4 class=\"entry-title\"><a href=\"https:\/\/snuipp86.fr\/index.php\/2026\/08\/20\/se-syndiquer-a-la-fsu-snuipp-86-pourquoi-comment-combien\/\">Se syndiquer \u00e0 la FSU-SNUipp 86 : pourquoi, comment, combien ?<\/a><\/h4><p>Se syndiquer \u00e0 la FSU-SNUipp 86 : le r\u00e9flexe de la pr\u00e9 rentr\u00e9e ! Pourquoi se syndiquer \u00e0 la FSU-SNUipp ? Pour son m\u00e9tier, pour soi-m\u00eame, pour les \u00e9l\u00e8ves. Dans un contexte d'incertitudes \u00e9conomiques, de r\u00e9formes incessantes et d\u2019in\u00e9galit\u00e9s sociales [...]<\/p><\/div><\/article><\/section><\/div><div class=\"fusion-button-wrapper\"><style type=\"text\/css\">.fusion-button.button-1 {border-radius:2px;}<\/style><a class=\"fusion-button button-flat fusion-button-default-size button-default button-1 fusion-button-default-span fusion-button-default-type\" target=\"_self\" href=\"https:\/\/snuipp86.fr\/index.php\/category\/a-la-une\/\"><span class=\"fusion-button-text\">TOUS LES ARTICLES<\/span><\/a><\/div><div class=\"fusion-clearfix\"><\/div><\/div><\/div><\/div><\/div>\n","protected":false},"excerpt":{"rendered":"","protected":false},"author":1,"featured_media":0,"parent":0,"menu_order":0,"comment_status":"closed","ping_status":"closed","template":"","meta":{"footnotes":""},"class_list":["post-7","page","type-page","status-publish","hentry"],"yoast_head":"<!-- This site is optimized with the Yoast SEO plugin v27.6 - https:\/\/yoast.com\/product\/yoast-seo-wordpress\/ -->\n<title>Accueil - FSU-SNUipp 86<\/title>\n<meta name=\"robots\" content=\"index, follow, max-snippet:-1, max-image-preview:large, max-video-preview:-1\" \/>\n<link rel=\"canonical\" href=\"https:\/\/snuipp86.fr\/\" \/>\n<meta property=\"og:locale\" content=\"fr_FR\" \/>\n<meta property=\"og:type\" content=\"article\" \/>\n<meta property=\"og:title\" content=\"Accueil - FSU-SNUipp 86\" \/>\n<meta property=\"og:url\" content=\"https:\/\/snuipp86.fr\/\" \/>\n<meta property=\"og:site_name\" content=\"FSU-SNUipp 86\" \/>\n<meta property=\"article:modified_time\" content=\"2019-11-22T17:41:00+00:00\" \/>\n<meta name=\"twitter:card\" content=\"summary_large_image\" \/>\n<meta name=\"twitter:label1\" content=\"Dur\u00e9e de lecture estim\u00e9e\" \/>\n\t<meta name=\"twitter:data1\" content=\"2 minutes\" \/>\n<script type=\"application\/ld+json\" class=\"yoast-schema-graph\">{\"@context\":\"https:\\\/\\\/schema.org\",\"@graph\":[{\"@type\":\"WebPage\",\"@id\":\"https:\\\/\\\/snuipp86.fr\\\/\",\"url\":\"https:\\\/\\\/snuipp86.fr\\\/\",\"name\":\"Accueil - FSU-SNUipp 86\",\"isPartOf\":{\"@id\":\"https:\\\/\\\/snuipp86.fr\\\/#website\"},\"datePublished\":\"2019-08-28T08:27:33+00:00\",\"dateModified\":\"2019-11-22T17:41:00+00:00\",\"breadcrumb\":{\"@id\":\"https:\\\/\\\/snuipp86.fr\\\/#breadcrumb\"},\"inLanguage\":\"fr-FR\",\"potentialAction\":[{\"@type\":\"ReadAction\",\"target\":[\"https:\\\/\\\/snuipp86.fr\\\/\"]}]},{\"@type\":\"BreadcrumbList\",\"@id\":\"https:\\\/\\\/snuipp86.fr\\\/#breadcrumb\",\"itemListElement\":[{\"@type\":\"ListItem\",\"position\":1,\"name\":\"Accueil\",\"item\":\"https:\\\/\\\/snuipp86.fr\\\/\"},{\"@type\":\"ListItem\",\"position\":2,\"name\":\"Accueil\"}]},{\"@type\":\"WebSite\",\"@id\":\"https:\\\/\\\/snuipp86.fr\\\/#website\",\"url\":\"https:\\\/\\\/snuipp86.fr\\\/\",\"name\":\"FSU-SNUipp 86\",\"description\":\"Des id\u00e9es qui font l&#039;\u00e9cole\",\"potentialAction\":[{\"@type\":\"SearchAction\",\"target\":{\"@type\":\"EntryPoint\",\"urlTemplate\":\"https:\\\/\\\/snuipp86.fr\\\/?s={search_term_string}\"},\"query-input\":{\"@type\":\"PropertyValueSpecification\",\"valueRequired\":true,\"valueName\":\"search_term_string\"}}],\"inLanguage\":\"fr-FR\"}]}<\/script>\n<!-- \/ Yoast SEO plugin. -->","yoast_head_json":{"title":"Accueil - FSU-SNUipp 86","robots":{"index":"index","follow":"follow","max-snippet":"max-snippet:-1","max-image-preview":"max-image-preview:large","max-video-preview":"max-video-preview:-1"},"canonical":"https:\/\/snuipp86.fr\/","og_locale":"fr_FR","og_type":"article","og_title":"Accueil - FSU-SNUipp 86","og_url":"https:\/\/snuipp86.fr\/","og_site_name":"FSU-SNUipp 86","article_modified_time":"2019-11-22T17:41:00+00:00","twitter_card":"summary_large_image","twitter_misc":{"Dur\u00e9e de lecture estim\u00e9e":"2 minutes"},"schema":{"@context":"https:\/\/schema.org","@graph":[{"@type":"WebPage","@id":"https:\/\/snuipp86.fr\/","url":"https:\/\/snuipp86.fr\/","name":"Accueil - FSU-SNUipp 86","isPartOf":{"@id":"https:\/\/snuipp86.fr\/#website"},"datePublished":"2019-08-28T08:27:33+00:00","dateModified":"2019-11-22T17:41:00+00:00","breadcrumb":{"@id":"https:\/\/snuipp86.fr\/#breadcrumb"},"inLanguage":"fr-FR","potentialAction":[{"@type":"ReadAction","target":["https:\/\/snuipp86.fr\/"]}]},{"@type":"BreadcrumbList","@id":"https:\/\/snuipp86.fr\/#breadcrumb","itemListElement":[{"@type":"ListItem","position":1,"name":"Accueil","item":"https:\/\/snuipp86.fr\/"},{"@type":"ListItem","position":2,"name":"Accueil"}]},{"@type":"WebSite","@id":"https:\/\/snuipp86.fr\/#website","url":"https:\/\/snuipp86.fr\/","name":"FSU-SNUipp 86","description":"Des id\u00e9es qui font l&#039;\u00e9cole","potentialAction":[{"@type":"SearchAction","target":{"@type":"EntryPoint","urlTemplate":"https:\/\/snuipp86.fr\/?s={search_term_string}"},"query-input":{"@type":"PropertyValueSpecification","valueRequired":true,"valueName":"search_term_string"}}],"inLanguage":"fr-FR"}]}},"_links":{"self":[{"href":"https:\/\/snuipp86.fr\/index.php\/wp-json\/wp\/v2\/pages\/7","targetHints":{"allow":["GET"]}}],"collection":[{"href":"https:\/\/snuipp86.fr\/index.php\/wp-json\/wp\/v2\/pages"}],"about":[{"href":"https:\/\/snuipp86.fr\/index.php\/wp-json\/wp\/v2\/types\/page"}],"author":[{"embeddable":true,"href":"https:\/\/snuipp86.fr\/index.php\/wp-json\/wp\/v2\/users\/1"}],"replies":[{"embeddable":true,"href":"https:\/\/snuipp86.fr\/index.php\/wp-json\/wp\/v2\/comments?post=7"}],"version-history":[{"count":0,"href":"https:\/\/snuipp86.fr\/index.php\/wp-json\/wp\/v2\/pages\/7\/revisions"}],"wp:attachment":[{"href":"https:\/\/snuipp86.fr\/index.php\/wp-json\/wp\/v2\/media?parent=7"}],"curies":[{"name":"wp","href":"https:\/\/api.w.org\/{rel}","templated":true}]}}